{"id":793,"date":"2024-03-25T13:34:53","date_gmt":"2024-03-25T12:34:53","guid":{"rendered":"https:\/\/reitverein-tellingstedt.de\/?page_id=793"},"modified":"2025-07-04T12:20:14","modified_gmt":"2025-07-04T10:20:14","slug":"termine","status":"publish","type":"page","link":"https:\/\/reitverein-tellingstedt.de\/index.php\/termine\/","title":{"rendered":"Termine"},"content":{"rendered":"\t\t<div data-elementor-type=\"wp-page\" data-elementor-id=\"793\" class=\"elementor elementor-793\" data-elementor-post-type=\"page\">\n\t\t\t\t\t\t<section class=\"elementor-section elementor-top-section elementor-element elementor-element-4e56184 elementor-section-boxed elementor-section-height-default elementor-section-height-default\" data-id=\"4e56184\" data-element_type=\"section\" data-e-type=\"section\">\n\t\t\t\t\t\t<div class=\"elementor-container elementor-column-gap-default\">\n\t\t\t\t\t<div class=\"elementor-column elementor-col-100 elementor-top-column elementor-element elementor-element-b99a8a1\" data-id=\"b99a8a1\" data-element_type=\"column\" data-e-type=\"column\">\n\t\t\t<div class=\"elementor-widget-wrap elementor-element-populated\">\n\t\t\t\t\t\t<div class=\"elementor-element elementor-element-a09a3eb elementor-widget elementor-widget-spacer\" data-id=\"a09a3eb\" data-element_type=\"widget\" data-e-type=\"widget\" data-widget_type=\"spacer.default\">\n\t\t\t\t<div class=\"elementor-widget-container\">\n\t\t\t\t\t\t\t<div class=\"elementor-spacer\">\n\t\t\t<div class=\"elementor-spacer-inner\"><\/div>\n\t\t<\/div>\n\t\t\t\t\t\t<\/div>\n\t\t\t\t<\/div>\n\t\t\t\t<div class=\"elementor-element elementor-element-43532e8 elementor-widget elementor-widget-heading\" data-id=\"43532e8\" data-element_type=\"widget\" data-e-type=\"widget\" data-widget_type=\"heading.default\">\n\t\t\t\t<div class=\"elementor-widget-container\">\n\t\t\t\t\t<h2 class=\"elementor-heading-title elementor-size-default\">Hier findet ihr unsere Termin\u00fcbersicht f\u00fcr 2025.<\/h2>\t\t\t\t<\/div>\n\t\t\t\t<\/div>\n\t\t\t\t\t<\/div>\n\t\t<\/div>\n\t\t\t\t\t<\/div>\n\t\t<\/section>\n\t\t\t\t<section class=\"elementor-section elementor-top-section elementor-element elementor-element-c11ace0 elementor-section-boxed elementor-section-height-default elementor-section-height-default\" data-id=\"c11ace0\" data-element_type=\"section\" data-e-type=\"section\">\n\t\t\t\t\t\t<div class=\"elementor-container elementor-column-gap-default\">\n\t\t\t\t\t<div class=\"elementor-column elementor-col-66 elementor-top-column elementor-element elementor-element-df4e869\" data-id=\"df4e869\" data-element_type=\"column\" data-e-type=\"column\">\n\t\t\t<div class=\"elementor-widget-wrap elementor-element-populated\">\n\t\t\t\t\t\t<div class=\"elementor-element elementor-element-962d94c elementor-widget elementor-widget-toggle\" data-id=\"962d94c\" data-element_type=\"widget\" data-e-type=\"widget\" data-widget_type=\"toggle.default\">\n\t\t\t\t<div class=\"elementor-widget-container\">\n\t\t\t\t\t\t\t<div class=\"elementor-toggle\">\n\t\t\t\t\t\t\t<div class=\"elementor-toggle-item\">\n\t\t\t\t\t<div id=\"elementor-tab-title-1571\" class=\"elementor-tab-title\" data-tab=\"1\" role=\"button\" aria-controls=\"elementor-tab-content-1571\" aria-expanded=\"false\">\n\t\t\t\t\t\t\t\t\t\t\t\t<span class=\"elementor-toggle-icon elementor-toggle-icon-left\" aria-hidden=\"true\">\n\t\t\t\t\t\t\t\t\t\t\t\t\t\t\t<span class=\"elementor-toggle-icon-closed\"><i class=\"fas fa-caret-right\"><\/i><\/span>\n\t\t\t\t\t\t\t\t<span class=\"elementor-toggle-icon-opened\"><i class=\"elementor-toggle-icon-opened fas fa-caret-up\"><\/i><\/span>\n\t\t\t\t\t\t\t\t\t\t\t\t\t<\/span>\n\t\t\t\t\t\t\t\t\t\t\t\t<a class=\"elementor-toggle-title\" tabindex=\"0\">18.&19.07.25 Gel\u00e4ndelehrgang mit Julia Rieth<\/a>\n\t\t\t\t\t<\/div>\n\n\t\t\t\t\t<div id=\"elementor-tab-content-1571\" class=\"elementor-tab-content elementor-clearfix\" data-tab=\"1\" role=\"region\" aria-labelledby=\"elementor-tab-title-1571\"><p>Wir bieten passend zum Turnier auf unserer Trainingsstrecke am 18. u. 19. Juli 2025 ein Trainingswochenende mit Schwerpunkt Turniervorbereitung mit Julia Rieth an.<\/p><p>Hier habt ihr die M\u00f6glichkeit den Turnierparcours zu \u00fcben.<\/p><p>Kosten Vereinsmitglieder: 27,50\u20ac<\/p><p>Kosten Nichtvereinsmitglieder: 40\u20ac<\/p><p>Anmeldungen bitte direkt \u00fcber Julia per PayPal an Julia.rieth97@web.de<\/p><p>In das Kommentarfeld bei PayPal bitte eintragen: Name, Tage(e), geplante Pr\u00fcfung, Telefonnumer<\/p><p>Anmeldeschluss ist der 14.07.25<\/p><p><!--\/data\/user\/0\/com.samsung.android.app.notes\/files\/clipdata\/clipdata_bodytext_240402_174503_750.sdocx--><\/p><\/div>\n\t\t\t\t<\/div>\n\t\t\t\t\t\t\t<div class=\"elementor-toggle-item\">\n\t\t\t\t\t<div id=\"elementor-tab-title-1572\" class=\"elementor-tab-title\" data-tab=\"2\" role=\"button\" aria-controls=\"elementor-tab-content-1572\" aria-expanded=\"false\">\n\t\t\t\t\t\t\t\t\t\t\t\t<span class=\"elementor-toggle-icon elementor-toggle-icon-left\" aria-hidden=\"true\">\n\t\t\t\t\t\t\t\t\t\t\t\t\t\t\t<span class=\"elementor-toggle-icon-closed\"><i class=\"fas fa-caret-right\"><\/i><\/span>\n\t\t\t\t\t\t\t\t<span class=\"elementor-toggle-icon-opened\"><i class=\"elementor-toggle-icon-opened fas fa-caret-up\"><\/i><\/span>\n\t\t\t\t\t\t\t\t\t\t\t\t\t<\/span>\n\t\t\t\t\t\t\t\t\t\t\t\t<a class=\"elementor-toggle-title\" tabindex=\"0\">22.07.25 selbst\u00e4ndiges Durchreiten des Turnierparcours<\/a>\n\t\t\t\t\t<\/div>\n\n\t\t\t\t\t<div id=\"elementor-tab-content-1572\" class=\"elementor-tab-content elementor-clearfix\" data-tab=\"2\" role=\"region\" aria-labelledby=\"elementor-tab-title-1572\"><p>Selbstst\u00e4ndiges Abreiten auf dem Abreiteplatz mit anschlie\u00dfendem Durchreiten des gew\u00e4hlten Turnierparcours. Bei Bedarf d\u00fcrfen ein bis zwei Hindernisse wiederholt werden.\u00a0<\/p><p>Kosten: 15\u20ac pro Pferd\/ Parcours<\/p><p>Zeitfenster: 14.00-18.00 Uhr<\/p><p>Anmeldung (mit Wunschzeitfenster, vollem Namen und Pr\u00fcfung) bei Caro per WhatsApp unter 01781480724<\/p><\/div>\n\t\t\t\t<\/div>\n\t\t\t\t\t\t\t<div class=\"elementor-toggle-item\">\n\t\t\t\t\t<div id=\"elementor-tab-title-1573\" class=\"elementor-tab-title\" data-tab=\"3\" role=\"button\" aria-controls=\"elementor-tab-content-1573\" aria-expanded=\"false\">\n\t\t\t\t\t\t\t\t\t\t\t\t<span class=\"elementor-toggle-icon elementor-toggle-icon-left\" aria-hidden=\"true\">\n\t\t\t\t\t\t\t\t\t\t\t\t\t\t\t<span class=\"elementor-toggle-icon-closed\"><i class=\"fas fa-caret-right\"><\/i><\/span>\n\t\t\t\t\t\t\t\t<span class=\"elementor-toggle-icon-opened\"><i class=\"elementor-toggle-icon-opened fas fa-caret-up\"><\/i><\/span>\n\t\t\t\t\t\t\t\t\t\t\t\t\t<\/span>\n\t\t\t\t\t\t\t\t\t\t\t\t<a class=\"elementor-toggle-title\" tabindex=\"0\">26.\/27.07.25 Reitturnier mit Vielseitigkeits-Kreismeisterschaft<\/a>\n\t\t\t\t\t<\/div>\n\n\t\t\t\t\t<div id=\"elementor-tab-content-1573\" class=\"elementor-tab-content elementor-clearfix\" data-tab=\"3\" role=\"region\" aria-labelledby=\"elementor-tab-title-1573\"><p>Am 26. &amp; 27. Juli findet wieder unser gro\u00dfes Turnier statt. Mit dabei dieses Jahr u.a. die Kreismeisterschaften E und A der Vielseitigkeit, Dressur und Springen bis Klasse L.<\/p><p>Hunterpr\u00fcfungen, F\u00fchrz\u00fcgel- und Reiter WB, Hobbyhorsing und vieles mehr.<\/p><p>F\u00fcr das leibliche Wohl ist wie immer gut gesorgt.<\/p><p>hier gehts zur Ausschreibung\u00a0\u00a0<a style=\"background-color: #ffffff;\" href=\"https:\/\/www.nennung-online.de\/turnier\/ansehen\/272430002\/\">Turniersportservice f\u00fcr Reiter &amp; Fahrer | Nennung Online<\/a><\/p><\/div>\n\t\t\t\t<\/div>\n\t\t\t\t\t\t\t<div class=\"elementor-toggle-item\">\n\t\t\t\t\t<div id=\"elementor-tab-title-1574\" class=\"elementor-tab-title\" data-tab=\"4\" role=\"button\" aria-controls=\"elementor-tab-content-1574\" aria-expanded=\"false\">\n\t\t\t\t\t\t\t\t\t\t\t\t<span class=\"elementor-toggle-icon elementor-toggle-icon-left\" aria-hidden=\"true\">\n\t\t\t\t\t\t\t\t\t\t\t\t\t\t\t<span class=\"elementor-toggle-icon-closed\"><i class=\"fas fa-caret-right\"><\/i><\/span>\n\t\t\t\t\t\t\t\t<span class=\"elementor-toggle-icon-opened\"><i class=\"elementor-toggle-icon-opened fas fa-caret-up\"><\/i><\/span>\n\t\t\t\t\t\t\t\t\t\t\t\t\t<\/span>\n\t\t\t\t\t\t\t\t\t\t\t\t<a class=\"elementor-toggle-title\" tabindex=\"0\">23.08.25 Volksfestumzug<\/a>\n\t\t\t\t\t<\/div>\n\n\t\t\t\t\t<div id=\"elementor-tab-content-1574\" class=\"elementor-tab-content elementor-clearfix\" data-tab=\"4\" role=\"region\" aria-labelledby=\"elementor-tab-title-1574\"><p>Wir nehmen auch dieses Jahr wieder am Volksfestumzug teil.<\/p><p>Das Thema dieses Jahr ist &#8222;Zirkus&#8220;<\/p><p>Wer Lust hat teilzunehmen, meldet sich gerne bei Anni oder Sabrina.<\/p><\/div>\n\t\t\t\t<\/div>\n\t\t\t\t\t\t\t\t<\/div>\n\t\t\t\t\t\t<\/div>\n\t\t\t\t<\/div>\n\t\t\t\t\t<\/div>\n\t\t<\/div>\n\t\t\t\t<div class=\"elementor-column elementor-col-33 elementor-top-column elementor-element elementor-element-bc1f9ae\" data-id=\"bc1f9ae\" data-element_type=\"column\" data-e-type=\"column\">\n\t\t\t<div class=\"elementor-widget-wrap elementor-element-populated\">\n\t\t\t\t\t\t<div class=\"elementor-element elementor-element-fb27853 elementor-widget elementor-widget-image\" data-id=\"fb27853\" data-element_type=\"widget\" data-e-type=\"widget\" data-widget_type=\"image.default\">\n\t\t\t\t<div class=\"elementor-widget-container\">\n\t\t\t\t\t\t\t\t\t\t\t\t\t\t\t<img fetchpriority=\"high\" decoding=\"async\" width=\"800\" height=\"534\" src=\"https:\/\/reitverein-tellingstedt.de\/wp-content\/uploads\/2024\/03\/DSC03370-1024x683.jpg\" class=\"attachment-large size-large wp-image-870\" alt=\"\" srcset=\"https:\/\/reitverein-tellingstedt.de\/wp-content\/uploads\/2024\/03\/DSC03370-1024x683.jpg 1024w, https:\/\/reitverein-tellingstedt.de\/wp-content\/uploads\/2024\/03\/DSC03370-300x200.jpg 300w, https:\/\/reitverein-tellingstedt.de\/wp-content\/uploads\/2024\/03\/DSC03370-768x512.jpg 768w, https:\/\/reitverein-tellingstedt.de\/wp-content\/uploads\/2024\/03\/DSC03370-1536x1024.jpg 1536w, https:\/\/reitverein-tellingstedt.de\/wp-content\/uploads\/2024\/03\/DSC03370-2048x1365.jpg 2048w, https:\/\/reitverein-tellingstedt.de\/wp-content\/uploads\/2024\/03\/DSC03370-600x400.jpg 600w\" sizes=\"(max-width: 800px) 100vw, 800px\" \/>\t\t\t\t\t\t\t\t\t\t\t\t\t\t\t<\/div>\n\t\t\t\t<\/div>\n\t\t\t\t\t<\/div>\n\t\t<\/div>\n\t\t\t\t\t<\/div>\n\t\t<\/section>\n\t\t\t\t<section class=\"elementor-section elementor-top-section elementor-element elementor-element-be73f8e elementor-section-boxed elementor-section-height-default elementor-section-height-default\" data-id=\"be73f8e\" data-element_type=\"section\" data-e-type=\"section\">\n\t\t\t\t\t\t<div class=\"elementor-container elementor-column-gap-default\">\n\t\t\t\t\t<div class=\"elementor-column elementor-col-100 elementor-top-column elementor-element elementor-element-7a16444\" data-id=\"7a16444\" data-element_type=\"column\" data-e-type=\"column\">\n\t\t\t<div class=\"elementor-widget-wrap elementor-element-populated\">\n\t\t\t\t\t\t<div class=\"elementor-element elementor-element-476e61c elementor-widget elementor-widget-spacer\" data-id=\"476e61c\" data-element_type=\"widget\" data-e-type=\"widget\" data-widget_type=\"spacer.default\">\n\t\t\t\t<div class=\"elementor-widget-container\">\n\t\t\t\t\t\t\t<div class=\"elementor-spacer\">\n\t\t\t<div class=\"elementor-spacer-inner\"><\/div>\n\t\t<\/div>\n\t\t\t\t\t\t<\/div>\n\t\t\t\t<\/div>\n\t\t\t\t\t<\/div>\n\t\t<\/div>\n\t\t\t\t\t<\/div>\n\t\t<\/section>\n\t\t\t\t<section class=\"elementor-section elementor-top-section elementor-element elementor-element-8319e6e elementor-section-boxed elementor-section-height-default elementor-section-height-default\" data-id=\"8319e6e\" data-element_type=\"section\" data-e-type=\"section\">\n\t\t\t\t\t\t<div class=\"elementor-container elementor-column-gap-default\">\n\t\t\t\t\t<div class=\"elementor-column elementor-col-100 elementor-top-column elementor-element elementor-element-212ac7f\" data-id=\"212ac7f\" data-element_type=\"column\" data-e-type=\"column\">\n\t\t\t<div class=\"elementor-widget-wrap\">\n\t\t\t\t\t\t\t<\/div>\n\t\t<\/div>\n\t\t\t\t\t<\/div>\n\t\t<\/section>\n\t\t\t\t<\/div>\n\t\t","protected":false},"excerpt":{"rendered":"<p>Hier findet ihr unsere Termin\u00fcbersicht f\u00fcr 2025. 18.&#038;19.07.25 Gel\u00e4ndelehrgang mit Julia Rieth Wir bieten passend zum Turnier auf unserer Trainingsstrecke am 18. u. 19. Juli 2025 ein Trainingswochenende mit Schwerpunkt Turniervorbereitung mit Julia Rieth an. Hier habt ihr die M\u00f6glichkeit den Turnierparcours zu \u00fcben. Kosten Vereinsmitglieder: 27,50\u20ac Kosten Nichtvereinsmitglieder: 40\u20ac Anmeldungen bitte direkt \u00fcber Julia [&hellip;]<\/p>\n","protected":false},"author":2,"featured_media":0,"parent":0,"menu_order":0,"comment_status":"closed","ping_status":"closed","template":"","meta":{"footnotes":""},"class_list":["post-793","page","type-page","status-publish","hentry"],"_links":{"self":[{"href":"https:\/\/reitverein-tellingstedt.de\/index.php\/wp-json\/wp\/v2\/pages\/793","targetHints":{"allow":["GET"]}}],"collection":[{"href":"https:\/\/reitverein-tellingstedt.de\/index.php\/wp-json\/wp\/v2\/pages"}],"about":[{"href":"https:\/\/reitverein-tellingstedt.de\/index.php\/wp-json\/wp\/v2\/types\/page"}],"author":[{"embeddable":true,"href":"https:\/\/reitverein-tellingstedt.de\/index.php\/wp-json\/wp\/v2\/users\/2"}],"replies":[{"embeddable":true,"href":"https:\/\/reitverein-tellingstedt.de\/index.php\/wp-json\/wp\/v2\/comments?post=793"}],"version-history":[{"count":46,"href":"https:\/\/reitverein-tellingstedt.de\/index.php\/wp-json\/wp\/v2\/pages\/793\/revisions"}],"predecessor-version":[{"id":1660,"href":"https:\/\/reitverein-tellingstedt.de\/index.php\/wp-json\/wp\/v2\/pages\/793\/revisions\/1660"}],"wp:attachment":[{"href":"https:\/\/reitverein-tellingstedt.de\/index.php\/wp-json\/wp\/v2\/media?parent=793"}],"curies":[{"name":"wp","href":"https:\/\/api.w.org\/{rel}","templated":true}]}}